{"id":877,"date":"2018-08-31T15:30:57","date_gmt":"2018-08-31T18:30:57","guid":{"rendered":"https:\/\/profjardinyespecial-sal.infd.edu.ar\/sitio\/profesorado-en-educacion-inicial\/"},"modified":"2025-11-18T13:29:08","modified_gmt":"2025-11-18T16:29:08","slug":"profesorado-en-educacion-inicial","status":"publish","type":"page","link":"https:\/\/profjardinyespecial-sal.infd.edu.ar\/sitio\/profesorado-en-educacion-inicial\/","title":{"rendered":"Educaci\u00f3n Inicial"},"content":{"rendered":"<p style=\"text-align: center;\"><div id=\"metaslider-id-1079\" style=\"width: 100%;\" class=\"ml-slider-3-33-0 metaslider metaslider-flex metaslider-1079 ml-slider ms-theme-default\" role=\"region\" aria-roledescription=\"Slideshow\" aria-label=\"Slideshow\">\n    <div id=\"metaslider_container_1079\">\n        <div id=\"metaslider_1079\" class=\"flexslider\">\n            <ul aria-live=\"polite\" class=\"slides\">\n                <li style=\"display: block; width: 100%;\" class=\"slide-1085 ms-image\" aria-roledescription=\"slide\" aria-label=\"slide-1085\"><img src=\"https:\/\/profjardinyespecial-sal.infd.edu.ar\/sitio\/wp-content\/uploads\/2019\/11\/3-1-900x368.jpg\" height=\"450\" width=\"1100\" alt=\"\" class=\"slider-1079 slide-1085\" title=\"3\" \/><div class=\"caption-wrap\"><div class=\"caption\">Personalmente, siempre estoy listo para aprender, aunque no siempre me gusta que me ense\u00f1en - Winston Churchill.<\/div><\/div><\/li>\n                <li style=\"display: none; width: 100%;\" class=\"slide-1081 ms-image\" aria-roledescription=\"slide\" aria-label=\"slide-1081\"><img src=\"https:\/\/profjardinyespecial-sal.infd.edu.ar\/sitio\/wp-content\/uploads\/2019\/11\/1-2-800x327.jpg\" height=\"450\" width=\"1100\" alt=\"\" class=\"slider-1079 slide-1081\" title=\"1\" \/><div class=\"caption-wrap\"><div class=\"caption\">El objeto de la educaci\u00f3n es preparar a los j\u00f3venes para educarse a s\u00ed mismos a lo largo de sus vidas - \n Robert M. Hutchins.<\/div><\/div><\/li>\n                <li style=\"display: none; width: 100%;\" class=\"slide-1083 ms-image\" aria-roledescription=\"slide\" aria-label=\"slide-1083\"><img src=\"https:\/\/profjardinyespecial-sal.infd.edu.ar\/sitio\/wp-content\/uploads\/2019\/11\/2-1-781x319.jpg\" height=\"450\" width=\"1100\" alt=\"\" class=\"slider-1079 slide-1083\" title=\"2\" \/><div class=\"caption-wrap\"><div class=\"caption\">La educaci\u00f3n es el arma m\u00e1s poderosa que puedes usar para cambiar el mundo - Nelson Mandela.<\/div><\/div><\/li>\n            <\/ul>\n        <\/div>\n        \n    <\/div>\n<\/div><\/p>\n<p style=\"text-align: center;\">Resoluci\u00f3n Vigente : 10550\/15 para consultar la misma, correlatividades y Resoluciones Anteriores Ingresar <a href=\"https:\/\/drive.google.com\/file\/d\/1wUQnmv9JmHvmL1HW34g9ZQPrkKQxAbGh\/view?usp=sharing\">Aqu\u00ed<\/a><\/p>\n<h3 style=\"text-align: center;\">OBJETIVOS GENERALES<\/h3>\n<p>Esta carrera tiene como preocupaci\u00f3n la recuperaci\u00f3n del \u201cRol del Ense\u00f1ante \u2013 Mediador\u201d entre el conocimiento socialmente significativo y los ni\u00f1os a su cargo. Desde esta perspectiva se espera que el alumno, futuro docente, asuma:<\/p>\n<p>. La apropiaci\u00f3n activa del conocimiento cient\u00edfico y tecnol\u00f3gico de su especialidad.<\/p>\n<p>. El dominio de las competencias pedag\u00f3gicas \u2013 did\u00e1cticas, acompa\u00f1adas por una permanente reflexi\u00f3n cr\u00edtica sobre las pr\u00e1cticas y condiciones en la que \u00e9stas se desarrollan.<\/p>\n<p>. La\u00a0comprensi\u00f3n de tipos de v\u00ednculos sobre los que el docente del Nivel Inicial sostiene su tarea, en un nivel institucional y comunitario.<\/p>\n<p>. La disponibilidad de herramientas pedag\u00f3gicas pertinentes para trabajar con sujetos \u2013 ni\u00f1os \u2013 reales provenientes de grupos heterog\u00e9neos y contextos dis\u00edmiles.<\/p>\n<p>. La participaci\u00f3n en situaciones en la que se requieran adaptaciones y ajustes de sus instrumentos de acci\u00f3n pedag\u00f3gica, a fin de compensar y\/o satisfacer las demandas de una poblaci\u00f3n\u00a0escolar heterog\u00e9nea, en la medida que resulten pertinentes para los objetivos escolares.<\/p>\n<p>. El contacto con la realidad escolar en sus m\u00faltiples manifestaciones, dise\u00f1ando la toma de decisiones acerca de cu\u00e1les son las transformaciones pedag\u00f3gicas posibles, sobre las que se puede incidir.<\/p>\n<p>. Un posicionamiento desde\u00a0la democracia, la justicia, el pluralismo, sin efectuar discriminaciones de tipo social, cultural, de etnia, de g\u00e9nero, religioso o hacia los ni\u00f1os con necesidades educativas especiales.<\/p>\n<p>. La preservaci\u00f3n de la Naturaleza a trav\u00e9s de la comprensi\u00f3n y aplicaci\u00f3n de los procesos tecnol\u00f3gicos y su incidencia en el cuidado del medio ambiente.<\/p>\n<h3 style=\"text-align: center;\">OBJETIVOS ESPEC\u00cdFICOS<\/h3>\n<p>La propuesta curricular de la carrera est\u00e1 dirigida a promover en los futuros docentes capacidades para atender la ense\u00f1anza de contenidos espec\u00edficos para el Nivel Inicial, favorecer una actitud investigadora y reflexiva de su pr\u00e1ctica educativa y configurar un perfil profesional que les permita participar activamente en un mundo cambiante.<\/p>\n<p>En este sentido, al finalizar su formaci\u00f3n los futuros docentes lograr\u00e1n:<\/p>\n<p>. Planificar, conducir y evaluar proyectos educativos para el Nivel Inicial, adecuados a los diferentes contextos en los que se puedan desempe\u00f1ar.<\/p>\n<p>. Integrar equipos de trabajo institucionales en relaci\u00f3n con su pr\u00e1ctica educativa\u00a0 y las necesidades socio-institucionales.<\/p>\n<p>. Coordinar grupos escolares de trabajo, promoviendo la integraci\u00f3n, cooperaci\u00f3n y participaci\u00f3n en las actividades a\u00falicas e institucionales.<\/p>\n<p>. Dise\u00f1ar, implementar y evaluar estrategias de ense\u00f1anza atendiendo a los marcos generales y contenidos espec\u00edficos del nivel, apropiadas a los contextos sociales, culturales e institucionales.<\/p>\n","protected":false},"excerpt":{"rendered":"<p>Resoluci\u00f3n Vigente : 10550\/15 para consultar la misma, correlatividades y Resoluciones Anteriores Ingresar Aqu\u00ed OBJETIVOS GENERALES Esta carrera tiene como preocupaci\u00f3n la recuperaci\u00f3n del \u201cRol del Ense\u00f1ante \u2013 Mediador\u201d entre el conocimiento socialmente significativo y los ni\u00f1os a su cargo. Desde esta perspectiva se espera que el alumno, futuro docente, asuma: . La apropiaci\u00f3n activa &#8230; <a title=\"Educaci\u00f3n Inicial\" class=\"read-more\" href=\"https:\/\/profjardinyespecial-sal.infd.edu.ar\/sitio\/profesorado-en-educacion-inicial\/\" aria-label=\"More on Educaci\u00f3n Inicial\">[+]<\/a><\/p>\n","protected":false},"author":858,"featured_media":0,"parent":0,"menu_order":0,"comment_status":"closed","ping_status":"closed","template":"","meta":[],"acf":[],"_links":{"self":[{"href":"https:\/\/profjardinyespecial-sal.infd.edu.ar\/sitio\/wp-json\/wp\/v2\/pages\/877"}],"collection":[{"href":"https:\/\/profjardinyespecial-sal.infd.edu.ar\/sitio\/wp-json\/wp\/v2\/pages"}],"about":[{"href":"https:\/\/profjardinyespecial-sal.infd.edu.ar\/sitio\/wp-json\/wp\/v2\/types\/page"}],"author":[{"embeddable":true,"href":"https:\/\/profjardinyespecial-sal.infd.edu.ar\/sitio\/wp-json\/wp\/v2\/users\/858"}],"replies":[{"embeddable":true,"href":"https:\/\/profjardinyespecial-sal.infd.edu.ar\/sitio\/wp-json\/wp\/v2\/comments?post=877"}],"version-history":[{"count":7,"href":"https:\/\/profjardinyespecial-sal.infd.edu.ar\/sitio\/wp-json\/wp\/v2\/pages\/877\/revisions"}],"predecessor-version":[{"id":2704,"href":"https:\/\/profjardinyespecial-sal.infd.edu.ar\/sitio\/wp-json\/wp\/v2\/pages\/877\/revisions\/2704"}],"wp:attachment":[{"href":"https:\/\/profjardinyespecial-sal.infd.edu.ar\/sitio\/wp-json\/wp\/v2\/media?parent=877"}],"curies":[{"name":"wp","href":"https:\/\/api.w.org\/{rel}","templated":true}]}}